{"id":28,"date":"2010-06-15T13:51:31","date_gmt":"2010-06-15T18:51:31","guid":{"rendered":"https:\/\/tecnicashablarenpublico.com\/blog\/?page_id=28"},"modified":"2023-06-11T18:49:41","modified_gmt":"2023-06-12T00:49:41","slug":"contactame","status":"publish","type":"page","link":"https:\/\/tecnicashablarenpublico.com\/blog\/contactame\/","title":{"rendered":"Cont\u00e1ctame"},"content":{"rendered":"<figure id=\"attachment_1486\" aria-describedby=\"caption-attachment-1486\" style=\"width: 216px\" class=\"wp-caption alignleft\"><a title=\"Tecnicas Hablar en Publico\" href=\"https:\/\/tecnicashablarenpublico.com\/\" target=\"_blank\" rel=\"noopener\"><img decoding=\"async\" data-attachment-id=\"1486\" data-permalink=\"https:\/\/tecnicashablarenpublico.com\/blog\/contactame\/foto_perfil\/\" data-orig-file=\"https:\/\/i0.wp.com\/tecnicashablarenpublico.com\/blog\/wp-content\/uploads\/2010\/06\/FOTO_PERFIL.png?fit=560%2C560&amp;ssl=1\" data-orig-size=\"560,560\" data-comments-opened=\"0\" data-image-meta=\"{&quot;aperture&quot;:&quot;0&quot;,&quot;credit&quot;:&quot;&quot;,&quot;camera&quot;:&quot;&quot;,&quot;caption&quot;:&quot;&quot;,&quot;created_timestamp&quot;:&quot;0&quot;,&quot;copyright&quot;:&quot;&quot;,&quot;focal_length&quot;:&quot;0&quot;,&quot;iso&quot;:&quot;0&quot;,&quot;shutter_speed&quot;:&quot;0&quot;,&quot;title&quot;:&quot;&quot;}\" data-image-title=\"FOTO_PERFIL\" data-image-description=\"\" data-image-caption=\"\" data-large-file=\"https:\/\/i0.wp.com\/tecnicashablarenpublico.com\/blog\/wp-content\/uploads\/2010\/06\/FOTO_PERFIL.png?fit=560%2C560&amp;ssl=1\" class=\" wp-image-1486     lazyload\" title=\"Victor Toscano\" src=\"data:image\/gif;base64,R0lGODlhAQABAIAAAAAAAP\/\/\/yH5BAEAAAAALAAAAAABAAEAAAIBRAA7\" data-src=\"https:\/\/tecnicashablarenpublico.com\/blog\/wp-content\/uploads\/2010\/06\/FOTO_PERFIL-300x300.png\" alt=\"Victor Toscano\" width=\"216\" height=\"216\" \/><figcaption id=\"caption-attachment-1486\" class=\"wp-caption-text\"><noscript><img data-recalc-dims=\"1\" decoding=\"async\" data-attachment-id=\"1486\" data-permalink=\"https:\/\/tecnicashablarenpublico.com\/blog\/contactame\/foto_perfil\/\" data-orig-file=\"https:\/\/i0.wp.com\/tecnicashablarenpublico.com\/blog\/wp-content\/uploads\/2010\/06\/FOTO_PERFIL.png?fit=560%2C560&amp;ssl=1\" data-orig-size=\"560,560\" data-comments-opened=\"0\" data-image-meta=\"{&quot;aperture&quot;:&quot;0&quot;,&quot;credit&quot;:&quot;&quot;,&quot;camera&quot;:&quot;&quot;,&quot;caption&quot;:&quot;&quot;,&quot;created_timestamp&quot;:&quot;0&quot;,&quot;copyright&quot;:&quot;&quot;,&quot;focal_length&quot;:&quot;0&quot;,&quot;iso&quot;:&quot;0&quot;,&quot;shutter_speed&quot;:&quot;0&quot;,&quot;title&quot;:&quot;&quot;}\" data-image-title=\"FOTO_PERFIL\" data-image-description=\"\" data-image-caption=\"\" data-large-file=\"https:\/\/i0.wp.com\/tecnicashablarenpublico.com\/blog\/wp-content\/uploads\/2010\/06\/FOTO_PERFIL.png?fit=560%2C560&amp;ssl=1\" class=\" wp-image-1486     lazyload\" title=\"Victor Toscano\" src=\"https:\/\/i0.wp.com\/tecnicashablarenpublico.com\/blog\/wp-content\/uploads\/2010\/06\/FOTO_PERFIL.png?fit=560%2C560&ssl=1\" alt=\"Victor Toscano\" width=\"216\" height=\"216\" srcset=\"https:\/\/i0.wp.com\/tecnicashablarenpublico.com\/blog\/wp-content\/uploads\/2010\/06\/FOTO_PERFIL.png?resize=150%2C150&amp;ssl=1 150w, https:\/\/i0.wp.com\/tecnicashablarenpublico.com\/blog\/wp-content\/uploads\/2010\/06\/FOTO_PERFIL.png?fit=300%2C300&amp;ssl=1 300w, https:\/\/i0.wp.com\/tecnicashablarenpublico.com\/blog\/wp-content\/uploads\/2010\/06\/FOTO_PERFIL.png?fit=560%2C560&amp;ssl=1 560w\" sizes=\"(max-width: 216px) 100vw, 216px\" \/><\/noscript><\/a> Victor Toscano<\/figcaption><\/figure>\n<p>\u00a1Hola! Soy V\u00edctor Toscano, creador de esta p\u00e1gina. Mi misi\u00f3n es\u00a0<strong>ayudar<\/strong>\u00a0a las personas que est\u00e1n sufriendo lo que yo viv\u00ed:\u00a0<strong><em>\u00abEl Miedo a Hablar en P\u00fablico.\u00bb<\/em><\/strong><\/p>\n<p>Yo era muy\u00a0<strong>t\u00edmido e introvertido<\/strong>, y sin embargo estaba lleno de sue\u00f1os. Pero para poder alcanzar esos sue\u00f1os, era necesario aprender a comunicarme y relacionarme con los dem\u00e1s. As\u00ed fue como tom\u00e9 la decisi\u00f3n de vencer mi miedo y aprender a hablar en p\u00fablico, porque\u00a0NO estaba dispuesto a renunciar\u00a0a lo m\u00e1s importante que ten\u00eda: Mis Sue\u00f1os.<\/p>\n<p>Es por eso que en esta p\u00e1gina encontrar\u00e1s\u00a0<strong><em>informaci\u00f3n muy valiosa<\/em><\/strong>\u00a0sobre c\u00f3mo aprender a hablar bien en p\u00fablico, y principalmente sobre c\u00f3mo vencer tu P\u00e1nico Esc\u00e9nico.<\/p>\n<p>Espero que lo que vas a encontrar aqu\u00ed realmente te ayude a transformar tu vida para bien, y te permita lograr todo lo que deseas en tu vida, mientras ayudas al mismo tiempo a otras personas con tus palabras.<\/p>\n<p>Continuamente estar\u00e9 publicando\u00a0<strong>nuevos contenidos<\/strong>\u00a0que te permitir\u00e1n convertirte en un buen comunicador para que puedas lograr todos tus SUE\u00d1OS&#8230;<img decoding=\"async\" data-attachment-id=\"1999\" data-permalink=\"https:\/\/tecnicashablarenpublico.com\/blog\/sobre-mi\/coach-victor-toscano\/\" data-orig-file=\"https:\/\/i0.wp.com\/tecnicashablarenpublico.com\/blog\/wp-content\/uploads\/2010\/06\/coach-victor-toscano.png?fit=184%2C184&amp;ssl=1\" data-orig-size=\"184,184\" data-comments-opened=\"0\" data-image-meta=\"{&quot;aperture&quot;:&quot;0&quot;,&quot;credit&quot;:&quot;&quot;,&quot;camera&quot;:&quot;&quot;,&quot;caption&quot;:&quot;&quot;,&quot;created_timestamp&quot;:&quot;0&quot;,&quot;copyright&quot;:&quot;&quot;,&quot;focal_length&quot;:&quot;0&quot;,&quot;iso&quot;:&quot;0&quot;,&quot;shutter_speed&quot;:&quot;0&quot;,&quot;title&quot;:&quot;&quot;}\" data-image-title=\"coach-victor-toscano\" data-image-description=\"\" data-image-caption=\"\" data-large-file=\"https:\/\/i0.wp.com\/tecnicashablarenpublico.com\/blog\/wp-content\/uploads\/2010\/06\/coach-victor-toscano.png?fit=184%2C184&amp;ssl=1\" class=\"size-full wp-image-1999 alignright lazyload\" src=\"data:image\/gif;base64,R0lGODlhAQABAIAAAAAAAP\/\/\/yH5BAEAAAAALAAAAAABAAEAAAIBRAA7\" data-src=\"https:\/\/tecnicashablarenpublico.com\/blog\/wp-content\/uploads\/2010\/06\/coach-victor-toscano_conferencista.png\" alt=\"coach-victor-toscano\" width=\"184\" height=\"184\" \/><noscript><img data-recalc-dims=\"1\" decoding=\"async\" data-attachment-id=\"1999\" data-permalink=\"https:\/\/tecnicashablarenpublico.com\/blog\/sobre-mi\/coach-victor-toscano\/\" data-orig-file=\"https:\/\/i0.wp.com\/tecnicashablarenpublico.com\/blog\/wp-content\/uploads\/2010\/06\/coach-victor-toscano.png?fit=184%2C184&amp;ssl=1\" data-orig-size=\"184,184\" data-comments-opened=\"0\" data-image-meta=\"{&quot;aperture&quot;:&quot;0&quot;,&quot;credit&quot;:&quot;&quot;,&quot;camera&quot;:&quot;&quot;,&quot;caption&quot;:&quot;&quot;,&quot;created_timestamp&quot;:&quot;0&quot;,&quot;copyright&quot;:&quot;&quot;,&quot;focal_length&quot;:&quot;0&quot;,&quot;iso&quot;:&quot;0&quot;,&quot;shutter_speed&quot;:&quot;0&quot;,&quot;title&quot;:&quot;&quot;}\" data-image-title=\"coach-victor-toscano\" data-image-description=\"\" data-image-caption=\"\" data-large-file=\"https:\/\/i0.wp.com\/tecnicashablarenpublico.com\/blog\/wp-content\/uploads\/2010\/06\/coach-victor-toscano.png?fit=184%2C184&amp;ssl=1\" class=\"size-full wp-image-1999 alignright lazyload\" src=\"https:\/\/i0.wp.com\/tecnicashablarenpublico.com\/blog\/wp-content\/uploads\/2010\/06\/coach-victor-toscano.png?fit=184%2C184&ssl=1\" alt=\"coach-victor-toscano\" width=\"184\" height=\"184\" \/><\/noscript><\/p>\n<p>En el 2013 empec\u00e9 a colaborar como coach en la Certificaci\u00f3n para Hablar en P\u00fablico de la Asociaci\u00f3n e Conferencistas Hispanos. Ah\u00ed he tenido la oportunidad de apoyar a los nuevos alumnos a desarrollar al m\u00e1ximo sus\u00a0habilidades de comunicaci\u00f3n y liderazgo.<\/p>\n<p>Si tienes cualquier duda o comentario sobre este blog, me interesa conocerlo. <a title=\"Cont\u00e1ctame\" href=\"https:\/\/tecnicashablarenpublico.com\/blog\/contactame\/\">Haz Click Aqu\u00ed para Contactarme<\/a> y enviarme\u00a0tu opini\u00f3n.<\/p>\n<p>Te doy un tip: Visita\u00a0constantemente esta p\u00e1gina, y recomi\u00e9ndola a tus amigos. Cada vez encontrar\u00e1s m\u00e1s informaci\u00f3n nueva y relevante.<\/p>\n<p>\u00a1Muchas Gracias! Te invito a <a href=\"https:\/\/tecnicashablarenpublico.com\/\"><span style=\"text-decoration: underline;\">ver este video<\/span><\/a>:<\/p>\n<p style=\"text-align: center;\"><a href=\"https:\/\/tecnicashablarenpublico.com\/\" target=\"_blank\" rel=\"noopener\"><img decoding=\"async\" class=\"aligncenter lazyload\" title=\"Video con tecnicas para hablar en publico\" src=\"data:image\/gif;base64,R0lGODlhAQABAIAAAAAAAP\/\/\/yH5BAEAAAAALAAAAAABAAEAAAIBRAA7\" data-src=\"https:\/\/tecnicashablarenpublico.com\/imagenes\/n\/mira_este_video_2.png\" alt=\"Mira este video AHORA MISMO...\" width=\"265\" height=\"145\" \/><noscript><img data-recalc-dims=\"1\" decoding=\"async\" class=\"aligncenter lazyload\" title=\"Video con tecnicas para hablar en publico\" src=\"https:\/\/i0.wp.com\/tecnicashablarenpublico.com\/imagenes\/n\/mira_este_video_2.png?resize=265%2C145&#038;ssl=1\" alt=\"Mira este video AHORA MISMO...\" width=\"265\" height=\"145\" \/><\/noscript><\/a><\/p>\n<h1>\u00a1Cont\u00e1ctame!<\/h1>\n<p style=\"color: #404040;\">Espero que encuentres aqu\u00ed contenido de mucho valor para ti y que ya est\u00e9s logrando una transformaci\u00f3n\u2026<\/p>\n<p style=\"color: #404040;\">Si deseas ponerte en contacto conmigo, puedes hacerlo a trav\u00e9s de mi correo electr\u00f3nico:<\/p>\n<p style=\"color: #404040;\"><strong>victor@tecnicashablarenpublico.com<\/strong><\/p>\n<p style=\"color: #404040;\">O si lo deseas tambi\u00e9n me puedes contactar a trav\u00e9s de Facebook en la siguiente p\u00e1gina:<\/p>\n<p style=\"color: #404040;\"><a style=\"color: #0088cc;\" title=\"Victor Toscano\" href=\"https:\/\/www.facebook.com\/VictorToscanoOficial\" target=\"_blank\" rel=\"noopener\" class=\"broken_link\">Facebook.com\/VictorToscanoOficial<\/a><\/p>\n<p style=\"color: #404040;\">S\u00f3lo tienes que entrar a la siguiente p\u00e1gina\u00a0y enviarme un\u00a0mensaje privado\u00a0por Facebook:<\/p>\n<p style=\"color: #404040;\"><a style=\"color: #0088cc;\" title=\"Victor Toscano Facebook\" href=\"https:\/\/www.facebook.com\/VictorToscanoOficial\" target=\"_blank\" rel=\"noopener\" class=\"broken_link\"><img decoding=\"async\" data-attachment-id=\"1489\" data-permalink=\"https:\/\/tecnicashablarenpublico.com\/blog\/contactame\/victor-toscano-facebook\/\" data-orig-file=\"https:\/\/i0.wp.com\/tecnicashablarenpublico.com\/blog\/wp-content\/uploads\/2010\/06\/Victor-Toscano-Facebook.png?fit=411%2C91&amp;ssl=1\" data-orig-size=\"411,91\" data-comments-opened=\"0\" data-image-meta=\"{&quot;aperture&quot;:&quot;0&quot;,&quot;credit&quot;:&quot;&quot;,&quot;camera&quot;:&quot;&quot;,&quot;caption&quot;:&quot;&quot;,&quot;created_timestamp&quot;:&quot;0&quot;,&quot;copyright&quot;:&quot;&quot;,&quot;focal_length&quot;:&quot;0&quot;,&quot;iso&quot;:&quot;0&quot;,&quot;shutter_speed&quot;:&quot;0&quot;,&quot;title&quot;:&quot;&quot;}\" data-image-title=\"Victor-Toscano-Facebook\" data-image-description=\"\" data-image-caption=\"\" data-large-file=\"https:\/\/i0.wp.com\/tecnicashablarenpublico.com\/blog\/wp-content\/uploads\/2010\/06\/Victor-Toscano-Facebook.png?fit=411%2C91&amp;ssl=1\" class=\"wp-image-1489 aligncenter lazyload\" title=\"Victor-Toscano-Facebook\" src=\"data:image\/gif;base64,R0lGODlhAQABAIAAAAAAAP\/\/\/yH5BAEAAAAALAAAAAABAAEAAAIBRAA7\" data-src=\"https:\/\/tecnicashablarenpublico.com\/blog\/wp-content\/uploads\/2010\/06\/Victor-Toscano-Facebook.png\" alt=\"Victor-Toscano-Facebook\" width=\"296\" height=\"66\" \/><noscript><img data-recalc-dims=\"1\" decoding=\"async\" data-attachment-id=\"1489\" data-permalink=\"https:\/\/tecnicashablarenpublico.com\/blog\/contactame\/victor-toscano-facebook\/\" data-orig-file=\"https:\/\/i0.wp.com\/tecnicashablarenpublico.com\/blog\/wp-content\/uploads\/2010\/06\/Victor-Toscano-Facebook.png?fit=411%2C91&amp;ssl=1\" data-orig-size=\"411,91\" data-comments-opened=\"0\" data-image-meta=\"{&quot;aperture&quot;:&quot;0&quot;,&quot;credit&quot;:&quot;&quot;,&quot;camera&quot;:&quot;&quot;,&quot;caption&quot;:&quot;&quot;,&quot;created_timestamp&quot;:&quot;0&quot;,&quot;copyright&quot;:&quot;&quot;,&quot;focal_length&quot;:&quot;0&quot;,&quot;iso&quot;:&quot;0&quot;,&quot;shutter_speed&quot;:&quot;0&quot;,&quot;title&quot;:&quot;&quot;}\" data-image-title=\"Victor-Toscano-Facebook\" data-image-description=\"\" data-image-caption=\"\" data-large-file=\"https:\/\/i0.wp.com\/tecnicashablarenpublico.com\/blog\/wp-content\/uploads\/2010\/06\/Victor-Toscano-Facebook.png?fit=411%2C91&amp;ssl=1\" class=\"wp-image-1489 aligncenter lazyload\" title=\"Victor-Toscano-Facebook\" src=\"https:\/\/i0.wp.com\/tecnicashablarenpublico.com\/blog\/wp-content\/uploads\/2010\/06\/Victor-Toscano-Facebook.png?fit=411%2C91&ssl=1\" alt=\"Victor-Toscano-Facebook\" width=\"296\" height=\"66\" srcset=\"https:\/\/i0.wp.com\/tecnicashablarenpublico.com\/blog\/wp-content\/uploads\/2010\/06\/Victor-Toscano-Facebook.png?fit=300%2C66&amp;ssl=1 300w, https:\/\/i0.wp.com\/tecnicashablarenpublico.com\/blog\/wp-content\/uploads\/2010\/06\/Victor-Toscano-Facebook.png?fit=411%2C91&amp;ssl=1 411w\" sizes=\"(max-width: 296px) 100vw, 296px\" \/><\/noscript><\/a><\/p>\n<p>i deseas acceder a los videos del\u00a0<strong>Curso de Oratoria para aprender a Hablar en P\u00fablico<\/strong>\u00a0que tengo\u00a0<strong>GRATIS<\/strong>\u00a0para ti, s\u00f3lo tienes que entrar a la siguiente p\u00e1gina y seguir las instrucciones del video:<\/p>\n<p><a style=\"color: #0088cc;\" href=\"https:\/\/tecnicashablarenpublico.com\" target=\"_blank\" rel=\"noopener\"><img decoding=\"async\" data-attachment-id=\"1825\" data-permalink=\"https:\/\/tecnicashablarenpublico.com\/blog\/como-caer-bien-a-las-personas-3-pasos-para-tener-empatia\/como-aprender-a-hablar-en-publico-y-convencer\/\" data-orig-file=\"https:\/\/i0.wp.com\/tecnicashablarenpublico.com\/blog\/wp-content\/uploads\/2014\/01\/como-aprender-a-hablar-en-publico-y-convencer.png?fit=380%2C300&amp;ssl=1\" data-orig-size=\"380,300\" data-comments-opened=\"0\" data-image-meta=\"{&quot;aperture&quot;:&quot;0&quot;,&quot;credit&quot;:&quot;&quot;,&quot;camera&quot;:&quot;&quot;,&quot;caption&quot;:&quot;&quot;,&quot;created_timestamp&quot;:&quot;0&quot;,&quot;copyright&quot;:&quot;&quot;,&quot;focal_length&quot;:&quot;0&quot;,&quot;iso&quot;:&quot;0&quot;,&quot;shutter_speed&quot;:&quot;0&quot;,&quot;title&quot;:&quot;&quot;}\" data-image-title=\"Como aprender a hablar en publico y convencer\" data-image-description=\"&lt;p&gt;Como aprender a hablar en publico y convencer&lt;\/p&gt;\n\" data-image-caption=\"\" data-large-file=\"https:\/\/i0.wp.com\/tecnicashablarenpublico.com\/blog\/wp-content\/uploads\/2014\/01\/como-aprender-a-hablar-en-publico-y-convencer.png?fit=380%2C300&amp;ssl=1\" class=\"aligncenter wp-image-1825 size-full lazyload\" title=\"Curso de Oratoria\" src=\"data:image\/gif;base64,R0lGODlhAQABAIAAAAAAAP\/\/\/yH5BAEAAAAALAAAAAABAAEAAAIBRAA7\" data-src=\"https:\/\/tecnicashablarenpublico.com\/blog\/wp-content\/uploads\/2014\/01\/como-aprender-a-hablar-en-publico-y-convencer.png\" alt=\"Como aprender a hablar en publico y convencer\" width=\"380\" height=\"300\" \/><noscript><img data-recalc-dims=\"1\" decoding=\"async\" data-attachment-id=\"1825\" data-permalink=\"https:\/\/tecnicashablarenpublico.com\/blog\/como-caer-bien-a-las-personas-3-pasos-para-tener-empatia\/como-aprender-a-hablar-en-publico-y-convencer\/\" data-orig-file=\"https:\/\/i0.wp.com\/tecnicashablarenpublico.com\/blog\/wp-content\/uploads\/2014\/01\/como-aprender-a-hablar-en-publico-y-convencer.png?fit=380%2C300&amp;ssl=1\" data-orig-size=\"380,300\" data-comments-opened=\"0\" data-image-meta=\"{&quot;aperture&quot;:&quot;0&quot;,&quot;credit&quot;:&quot;&quot;,&quot;camera&quot;:&quot;&quot;,&quot;caption&quot;:&quot;&quot;,&quot;created_timestamp&quot;:&quot;0&quot;,&quot;copyright&quot;:&quot;&quot;,&quot;focal_length&quot;:&quot;0&quot;,&quot;iso&quot;:&quot;0&quot;,&quot;shutter_speed&quot;:&quot;0&quot;,&quot;title&quot;:&quot;&quot;}\" data-image-title=\"Como aprender a hablar en publico y convencer\" data-image-description=\"&lt;p&gt;Como aprender a hablar en publico y convencer&lt;\/p&gt;\n\" data-image-caption=\"\" data-large-file=\"https:\/\/i0.wp.com\/tecnicashablarenpublico.com\/blog\/wp-content\/uploads\/2014\/01\/como-aprender-a-hablar-en-publico-y-convencer.png?fit=380%2C300&amp;ssl=1\" class=\"aligncenter wp-image-1825 size-full lazyload\" title=\"Curso de Oratoria\" src=\"https:\/\/i0.wp.com\/tecnicashablarenpublico.com\/blog\/wp-content\/uploads\/2014\/01\/como-aprender-a-hablar-en-publico-y-convencer.png?fit=380%2C300&ssl=1\" alt=\"Como aprender a hablar en publico y convencer\" width=\"380\" height=\"300\" srcset=\"https:\/\/i0.wp.com\/tecnicashablarenpublico.com\/blog\/wp-content\/uploads\/2014\/01\/como-aprender-a-hablar-en-publico-y-convencer.png?fit=300%2C236&amp;ssl=1 300w, https:\/\/i0.wp.com\/tecnicashablarenpublico.com\/blog\/wp-content\/uploads\/2014\/01\/como-aprender-a-hablar-en-publico-y-convencer.png?fit=380%2C300&amp;ssl=1 380w\" sizes=\"(max-width: 380px) 100vw, 380px\" \/><\/noscript><\/a><\/p>\n<p style=\"text-align: center;\"><strong>AHORA Haz Clic, mira el Video y Suscr\u00edbete:<\/strong><br \/>\n<a style=\"color: #0088cc;\" href=\"https:\/\/tecnicashablarenpublico.com\/\" target=\"_blank\" rel=\"noopener\">https:\/\/tecnicashablarenpublico.com<\/a><\/p>\n<p><a title=\"Victor Toscano\" href=\"https:\/\/www.youtube.com\/@VictorToscano\" target=\"_blank\" rel=\"noopener\"><strong>V\u00edctor Toscano<\/strong><\/a><br \/>\n<span style=\"text-decoration: underline;\">VictorToscano.mx<\/span><\/p>\n<p><strong><em>P.D: Si te parece \u00fatil esta informaci\u00f3n, por favor haz clic en \u201cGoogle +1\u201d y comp\u00e1rtelo en \u00abFacebook\u00bb y \u201cTwitter\u201d. \u00a1Muchas Gracias!<\/em><\/strong><\/p>\n<p>&nbsp;<\/p>\n","protected":false},"excerpt":{"rendered":"<p>\u00a1Hola! Soy V\u00edctor Toscano, creador de esta p\u00e1gina. Mi misi\u00f3n es\u00a0ayudar\u00a0a las personas que est\u00e1n sufriendo lo que yo viv\u00ed:\u00a0\u00abEl Miedo a Hablar en P\u00fablico.\u00bb Yo era muy\u00a0t\u00edmido e introvertido, y sin embargo estaba lleno de sue\u00f1os. Pero para poder alcanzar esos sue\u00f1os, era necesario aprender a comunicarme y relacionarme con los dem\u00e1s. As\u00ed fue [&hellip;]<\/p>\n","protected":false},"author":1,"featured_media":0,"parent":0,"menu_order":3,"comment_status":"closed","ping_status":"closed","template":"blogpage_001.php","meta":{"jetpack_post_was_ever_published":false,"footnotes":""},"class_list":["post-28","page","type-page","status-publish","hentry","post-wrapper","thrv_wrapper"],"yoast_head":"<!-- This site is optimized with the Yoast SEO plugin v27.5 - https:\/\/yoast.com\/product\/yoast-seo-wordpress\/ -->\n<title>Cont\u00e1ctame - TecnicasHablarEnPublico.Com<\/title>\n<meta name=\"robots\" content=\"index, follow, max-snippet:-1, max-image-preview:large, max-video-preview:-1\" \/>\n<link rel=\"canonical\" href=\"https:\/\/tecnicashablarenpublico.com\/blog\/contactame\/\" \/>\n<meta property=\"og:locale\" content=\"es_ES\" \/>\n<meta property=\"og:type\" content=\"article\" \/>\n<meta property=\"og:title\" content=\"Cont\u00e1ctame - TecnicasHablarEnPublico.Com\" \/>\n<meta property=\"og:description\" content=\"\u00a1Hola! Soy V\u00edctor Toscano, creador de esta p\u00e1gina. Mi misi\u00f3n es\u00a0ayudar\u00a0a las personas que est\u00e1n sufriendo lo que yo viv\u00ed:\u00a0\u00abEl Miedo a Hablar en P\u00fablico.\u00bb Yo era muy\u00a0t\u00edmido e introvertido, y sin embargo estaba lleno de sue\u00f1os. Pero para poder alcanzar esos sue\u00f1os, era necesario aprender a comunicarme y relacionarme con los dem\u00e1s. As\u00ed fue [&hellip;]\" \/>\n<meta property=\"og:url\" content=\"https:\/\/tecnicashablarenpublico.com\/blog\/contactame\/\" \/>\n<meta property=\"og:site_name\" content=\"TecnicasHablarEnPublico.Com\" \/>\n<meta property=\"article:publisher\" content=\"https:\/\/www.facebook.com\/VictorToscanoOficial\/\" \/>\n<meta property=\"article:modified_time\" content=\"2023-06-12T00:49:41+00:00\" \/>\n<meta property=\"og:image\" content=\"https:\/\/tecnicashablarenpublico.com\/blog\/wp-content\/uploads\/2010\/06\/FOTO_PERFIL-300x300.png\" \/>\n<meta name=\"twitter:card\" content=\"summary_large_image\" \/>\n<meta name=\"twitter:label1\" content=\"Tiempo de lectura\" \/>\n\t<meta name=\"twitter:data1\" content=\"2 minutos\" \/>\n<script type=\"application\/ld+json\" class=\"yoast-schema-graph\">{\"@context\":\"https:\\\/\\\/schema.org\",\"@graph\":[{\"@type\":\"WebPage\",\"@id\":\"https:\\\/\\\/tecnicashablarenpublico.com\\\/blog\\\/contactame\\\/\",\"url\":\"https:\\\/\\\/tecnicashablarenpublico.com\\\/blog\\\/contactame\\\/\",\"name\":\"Cont\u00e1ctame - TecnicasHablarEnPublico.Com\",\"isPartOf\":{\"@id\":\"https:\\\/\\\/tecnicashablarenpublico.com\\\/blog\\\/#website\"},\"primaryImageOfPage\":{\"@id\":\"https:\\\/\\\/tecnicashablarenpublico.com\\\/blog\\\/contactame\\\/#primaryimage\"},\"image\":{\"@id\":\"https:\\\/\\\/tecnicashablarenpublico.com\\\/blog\\\/contactame\\\/#primaryimage\"},\"thumbnailUrl\":\"https:\\\/\\\/tecnicashablarenpublico.com\\\/blog\\\/wp-content\\\/uploads\\\/2010\\\/06\\\/FOTO_PERFIL-300x300.png\",\"datePublished\":\"2010-06-15T18:51:31+00:00\",\"dateModified\":\"2023-06-12T00:49:41+00:00\",\"breadcrumb\":{\"@id\":\"https:\\\/\\\/tecnicashablarenpublico.com\\\/blog\\\/contactame\\\/#breadcrumb\"},\"inLanguage\":\"es\",\"potentialAction\":[{\"@type\":\"ReadAction\",\"target\":[\"https:\\\/\\\/tecnicashablarenpublico.com\\\/blog\\\/contactame\\\/\"]}]},{\"@type\":\"ImageObject\",\"inLanguage\":\"es\",\"@id\":\"https:\\\/\\\/tecnicashablarenpublico.com\\\/blog\\\/contactame\\\/#primaryimage\",\"url\":\"https:\\\/\\\/i0.wp.com\\\/tecnicashablarenpublico.com\\\/blog\\\/wp-content\\\/uploads\\\/2010\\\/06\\\/FOTO_PERFIL.png?fit=560%2C560&ssl=1\",\"contentUrl\":\"https:\\\/\\\/i0.wp.com\\\/tecnicashablarenpublico.com\\\/blog\\\/wp-content\\\/uploads\\\/2010\\\/06\\\/FOTO_PERFIL.png?fit=560%2C560&ssl=1\",\"width\":560,\"height\":560},{\"@type\":\"BreadcrumbList\",\"@id\":\"https:\\\/\\\/tecnicashablarenpublico.com\\\/blog\\\/contactame\\\/#breadcrumb\",\"itemListElement\":[{\"@type\":\"ListItem\",\"position\":1,\"name\":\"Portada\",\"item\":\"https:\\\/\\\/tecnicashablarenpublico.com\\\/blog\\\/\"},{\"@type\":\"ListItem\",\"position\":2,\"name\":\"Cont\u00e1ctame\"}]},{\"@type\":\"WebSite\",\"@id\":\"https:\\\/\\\/tecnicashablarenpublico.com\\\/blog\\\/#website\",\"url\":\"https:\\\/\\\/tecnicashablarenpublico.com\\\/blog\\\/\",\"name\":\"TecnicasHablarEnPublico.Com\",\"description\":\"Blog\",\"publisher\":{\"@id\":\"https:\\\/\\\/tecnicashablarenpublico.com\\\/blog\\\/#organization\"},\"potentialAction\":[{\"@type\":\"SearchAction\",\"target\":{\"@type\":\"EntryPoint\",\"urlTemplate\":\"https:\\\/\\\/tecnicashablarenpublico.com\\\/blog\\\/?s={search_term_string}\"},\"query-input\":{\"@type\":\"PropertyValueSpecification\",\"valueRequired\":true,\"valueName\":\"search_term_string\"}}],\"inLanguage\":\"es\"},{\"@type\":\"Organization\",\"@id\":\"https:\\\/\\\/tecnicashablarenpublico.com\\\/blog\\\/#organization\",\"name\":\"TecnicasHablarEnPublico\",\"url\":\"https:\\\/\\\/tecnicashablarenpublico.com\\\/blog\\\/\",\"logo\":{\"@type\":\"ImageObject\",\"inLanguage\":\"es\",\"@id\":\"https:\\\/\\\/tecnicashablarenpublico.com\\\/blog\\\/#\\\/schema\\\/logo\\\/image\\\/\",\"url\":\"https:\\\/\\\/i0.wp.com\\\/tecnicashablarenpublico.com\\\/blog\\\/wp-content\\\/uploads\\\/2014\\\/11\\\/logo_cuadrado.png?fit=286%2C255&ssl=1\",\"contentUrl\":\"https:\\\/\\\/i0.wp.com\\\/tecnicashablarenpublico.com\\\/blog\\\/wp-content\\\/uploads\\\/2014\\\/11\\\/logo_cuadrado.png?fit=286%2C255&ssl=1\",\"width\":286,\"height\":255,\"caption\":\"TecnicasHablarEnPublico\"},\"image\":{\"@id\":\"https:\\\/\\\/tecnicashablarenpublico.com\\\/blog\\\/#\\\/schema\\\/logo\\\/image\\\/\"},\"sameAs\":[\"https:\\\/\\\/www.facebook.com\\\/VictorToscanoOficial\\\/\"]}]}<\/script>\n<!-- \/ Yoast SEO plugin. -->","yoast_head_json":{"title":"Cont\u00e1ctame - TecnicasHablarEnPublico.Com","robots":{"index":"index","follow":"follow","max-snippet":"max-snippet:-1","max-image-preview":"max-image-preview:large","max-video-preview":"max-video-preview:-1"},"canonical":"https:\/\/tecnicashablarenpublico.com\/blog\/contactame\/","og_locale":"es_ES","og_type":"article","og_title":"Cont\u00e1ctame - TecnicasHablarEnPublico.Com","og_description":"\u00a1Hola! Soy V\u00edctor Toscano, creador de esta p\u00e1gina. Mi misi\u00f3n es\u00a0ayudar\u00a0a las personas que est\u00e1n sufriendo lo que yo viv\u00ed:\u00a0\u00abEl Miedo a Hablar en P\u00fablico.\u00bb Yo era muy\u00a0t\u00edmido e introvertido, y sin embargo estaba lleno de sue\u00f1os. Pero para poder alcanzar esos sue\u00f1os, era necesario aprender a comunicarme y relacionarme con los dem\u00e1s. As\u00ed fue [&hellip;]","og_url":"https:\/\/tecnicashablarenpublico.com\/blog\/contactame\/","og_site_name":"TecnicasHablarEnPublico.Com","article_publisher":"https:\/\/www.facebook.com\/VictorToscanoOficial\/","article_modified_time":"2023-06-12T00:49:41+00:00","og_image":[{"url":"https:\/\/tecnicashablarenpublico.com\/blog\/wp-content\/uploads\/2010\/06\/FOTO_PERFIL-300x300.png","type":"","width":"","height":""}],"twitter_card":"summary_large_image","twitter_misc":{"Tiempo de lectura":"2 minutos"},"schema":{"@context":"https:\/\/schema.org","@graph":[{"@type":"WebPage","@id":"https:\/\/tecnicashablarenpublico.com\/blog\/contactame\/","url":"https:\/\/tecnicashablarenpublico.com\/blog\/contactame\/","name":"Cont\u00e1ctame - TecnicasHablarEnPublico.Com","isPartOf":{"@id":"https:\/\/tecnicashablarenpublico.com\/blog\/#website"},"primaryImageOfPage":{"@id":"https:\/\/tecnicashablarenpublico.com\/blog\/contactame\/#primaryimage"},"image":{"@id":"https:\/\/tecnicashablarenpublico.com\/blog\/contactame\/#primaryimage"},"thumbnailUrl":"https:\/\/tecnicashablarenpublico.com\/blog\/wp-content\/uploads\/2010\/06\/FOTO_PERFIL-300x300.png","datePublished":"2010-06-15T18:51:31+00:00","dateModified":"2023-06-12T00:49:41+00:00","breadcrumb":{"@id":"https:\/\/tecnicashablarenpublico.com\/blog\/contactame\/#breadcrumb"},"inLanguage":"es","potentialAction":[{"@type":"ReadAction","target":["https:\/\/tecnicashablarenpublico.com\/blog\/contactame\/"]}]},{"@type":"ImageObject","inLanguage":"es","@id":"https:\/\/tecnicashablarenpublico.com\/blog\/contactame\/#primaryimage","url":"https:\/\/i0.wp.com\/tecnicashablarenpublico.com\/blog\/wp-content\/uploads\/2010\/06\/FOTO_PERFIL.png?fit=560%2C560&ssl=1","contentUrl":"https:\/\/i0.wp.com\/tecnicashablarenpublico.com\/blog\/wp-content\/uploads\/2010\/06\/FOTO_PERFIL.png?fit=560%2C560&ssl=1","width":560,"height":560},{"@type":"BreadcrumbList","@id":"https:\/\/tecnicashablarenpublico.com\/blog\/contactame\/#breadcrumb","itemListElement":[{"@type":"ListItem","position":1,"name":"Portada","item":"https:\/\/tecnicashablarenpublico.com\/blog\/"},{"@type":"ListItem","position":2,"name":"Cont\u00e1ctame"}]},{"@type":"WebSite","@id":"https:\/\/tecnicashablarenpublico.com\/blog\/#website","url":"https:\/\/tecnicashablarenpublico.com\/blog\/","name":"TecnicasHablarEnPublico.Com","description":"Blog","publisher":{"@id":"https:\/\/tecnicashablarenpublico.com\/blog\/#organization"},"potentialAction":[{"@type":"SearchAction","target":{"@type":"EntryPoint","urlTemplate":"https:\/\/tecnicashablarenpublico.com\/blog\/?s={search_term_string}"},"query-input":{"@type":"PropertyValueSpecification","valueRequired":true,"valueName":"search_term_string"}}],"inLanguage":"es"},{"@type":"Organization","@id":"https:\/\/tecnicashablarenpublico.com\/blog\/#organization","name":"TecnicasHablarEnPublico","url":"https:\/\/tecnicashablarenpublico.com\/blog\/","logo":{"@type":"ImageObject","inLanguage":"es","@id":"https:\/\/tecnicashablarenpublico.com\/blog\/#\/schema\/logo\/image\/","url":"https:\/\/i0.wp.com\/tecnicashablarenpublico.com\/blog\/wp-content\/uploads\/2014\/11\/logo_cuadrado.png?fit=286%2C255&ssl=1","contentUrl":"https:\/\/i0.wp.com\/tecnicashablarenpublico.com\/blog\/wp-content\/uploads\/2014\/11\/logo_cuadrado.png?fit=286%2C255&ssl=1","width":286,"height":255,"caption":"TecnicasHablarEnPublico"},"image":{"@id":"https:\/\/tecnicashablarenpublico.com\/blog\/#\/schema\/logo\/image\/"},"sameAs":["https:\/\/www.facebook.com\/VictorToscanoOficial\/"]}]}},"jetpack_shortlink":"https:\/\/wp.me\/P338RC-s","jetpack-related-posts":[{"id":2,"url":"https:\/\/tecnicashablarenpublico.com\/blog\/sobre-mi\/","url_meta":{"origin":28,"position":0},"title":"\u00bfQui\u00e9n es V\u00edctor Toscano?","author":"Victor Toscano T V","date":"02\/06\/2010","format":false,"excerpt":"\u00a1Hola! Soy V\u00edctor Toscano, creador de esta p\u00e1gina. Mi misi\u00f3n es\u00a0ayudar\u00a0a las personas que est\u00e1n sufriendo lo que yo viv\u00ed:\u00a0\"El Miedo a Hablar en P\u00fablico.\" Yo era muy\u00a0t\u00edmido e introvertido, y sin embargo estaba lleno de sue\u00f1os. Pero para poder alcanzar esos sue\u00f1os, era necesario aprender a comunicarme y relacionarme\u2026","rel":"","context":"Entrada similar","block_context":{"text":"Entrada similar","link":""},"img":{"alt_text":"Victor Toscano","src":"https:\/\/i0.wp.com\/tecnicashablarenpublico.com\/blog\/wp-content\/uploads\/2010\/06\/FOTO_PERFIL-300x300.png?resize=350%2C200&ssl=1","width":350,"height":200},"classes":[]},{"id":914,"url":"https:\/\/tecnicashablarenpublico.com\/blog\/la-clave\/","url_meta":{"origin":28,"position":1},"title":"La CLAVE para Aprender a Hablar en P\u00fablico (VIDEO CORTO)","author":"Victor Toscano T V","date":"01\/02\/2013","format":false,"excerpt":"[headline_arial_medium_centered color=\"#aa0000\"]La CLAVE para Aprender a Hablar en P\u00fablico[\/headline_arial_medium_centered] Muy bien, aqu\u00ed tienes el VIDEO del que te habl\u00e9, presta s\u00f3lo 7 minutos de tu atenci\u00f3n y m\u00edralo: [headline_arial_medium_centered color=\"#aa0000\"]D\u00e9jame Mostrarte C\u00f3mo T\u00da Puedes Aprender A Hablar En P\u00fablico Como Un Profesional Y Vencer Tu P\u00e1nico Esc\u00e9nico En S\u00f3lo 4\u2026","rel":"","context":"Entrada similar","block_context":{"text":"Entrada similar","link":""},"img":{"alt_text":"Victor Toscano - Tecnicas para hablar en publico","src":"https:\/\/i0.wp.com\/tecnicashablarenpublico.com\/imagenes\/n\/victor_toscano.png?resize=350%2C200&ssl=1","width":350,"height":200},"classes":[]},{"id":76,"url":"https:\/\/tecnicashablarenpublico.com\/blog\/productos\/","url_meta":{"origin":28,"position":2},"title":"Inscr\u00edbete a mi Curso:","author":"Victor Toscano T V","date":"16\/06\/2010","format":false,"excerpt":"[headline_arial_small_left color=\"#cc0000\"]CURSO-ENTRENAMIENTO: \"C\u00f3mo Convertirte En Un Experto Para Hablar En P\u00fablico[\/headline_arial_small_left] Este es un\u00a0Curso-Entrenamiento en Audio, Video y Texto\u00a0totalmente EN LINEA (virtual), que est\u00e1 dise\u00f1ado espec\u00edficamente para personas que tienen\u00a0miedo a hablar en p\u00fablico\u00a0y quieren aprender a expresarse mejor... Pero tambi\u00e9n es de gran utilidad para aquellos que ya tienen\u2026","rel":"","context":"En \u00abT\u00e9cnicas Para Hablar En P\u00fablico\u00bb","block_context":{"text":"T\u00e9cnicas Para Hablar En P\u00fablico","link":"https:\/\/tecnicashablarenpublico.com\/blog\/category\/tecnicas-para-hablar-en-publico\/"},"img":{"alt_text":"","src":"","width":0,"height":0},"classes":[]},{"id":83,"url":"https:\/\/tecnicashablarenpublico.com\/blog\/un-regalo\/","url_meta":{"origin":28,"position":3},"title":"&nbsp;&nbsp;Regalo&nbsp;&nbsp;","author":"Victor Toscano T V","date":"16\/06\/2010","format":false,"excerpt":"\u00a0\u00bfTe Gustar\u00eda Recibir las Mejores T\u00e9cnicas Para Hablar En P\u00fablico en tu Correo Electr\u00f3nico? Entra a la siguiente p\u00e1gina y deja tus datos para recibir este valioso curso y un regalo muy especial: Inscr\u00edbete y Descarga tu Regalo Aqu\u00ed El curso es GRATIS y recibir\u00e1s todas las T\u00e9cnicas en en\u2026","rel":"","context":"En \u00abT\u00e9cnicas Para Hablar En P\u00fablico\u00bb","block_context":{"text":"T\u00e9cnicas Para Hablar En P\u00fablico","link":"https:\/\/tecnicashablarenpublico.com\/blog\/category\/tecnicas-para-hablar-en-publico\/"},"img":{"alt_text":"","src":"","width":0,"height":0},"classes":[]},{"id":2148,"url":"https:\/\/tecnicashablarenpublico.com\/blog\/guia-practica-pdf-como-memorizar-tu-discurso-de-oratoria-presentacion-en-publico\/","url_meta":{"origin":28,"position":4},"title":"Gu\u00eda Pr\u00e1ctica PDF: C\u00f3mo Memorizar Tu Discurso de Oratoria | Presentaci\u00f3n en P\u00fablico","author":"Victor Toscano T V","date":"12\/02\/2015","format":false,"excerpt":"[headline_arial_small_centered color=\"#aa0000\"]M\u00e9todo Loci para Memorizar\u00a0Tu Presentaci\u00f3n\u00a0al\u00a0Hablar en P\u00fablico o tu Discurso de Oratoria...[\/headline_arial_small_centered] [headline_arial_small_centered color=\"#000000\"]Haz click aqu\u00ed para Descargar esta Gu\u00eda...[\/headline_arial_small_centered] Este documento complementa lo explicado en el video de youtube llamado: \u201cCurso de Oratoria \u2013 Pr\u00e1ctica 2 \u2013 C\u00f3mo Estructurar y Preparar una Presentaci\u00f3n.\u201d En esta gu\u00eda\u00a0encontrar\u00e1s un ejemplo\u2026","rel":"","context":"Entrada similar","block_context":{"text":"Entrada similar","link":""},"img":{"alt_text":"hablar-en-publico-guia-pdf-como-memorizar-tu-discurso-presentacion-de-oratoria","src":"https:\/\/i0.wp.com\/tecnicashablarenpublico.com\/blog\/wp-content\/uploads\/2015\/02\/hablar-en-publico-guia-pdf-como-memorizar-tu-discurso-presentacion-de-oratoria.png?resize=350%2C200&ssl=1","width":350,"height":200},"classes":[]},{"id":2101,"url":"https:\/\/tecnicashablarenpublico.com\/blog\/guia-practica-pdf-como-estructurar-tu-discurso-de-oratoria\/","url_meta":{"origin":28,"position":5},"title":"Gu\u00eda Pr\u00e1ctica PDF: C\u00f3mo Estructurar Tu Discurso de Oratoria","author":"Victor Toscano T V","date":"27\/01\/2015","format":false,"excerpt":"[headline_arial_small_centered color=\"#aa0000\"]Modela este Ejemplo Pr\u00e1ctico de\u00a0C\u00f3mo Estructurar Tu Presentaci\u00f3n, para Hablar en P\u00fablico...[\/headline_arial_small_centered] [headline_arial_small_centered color=\"#000000\"]Haz click aqu\u00ed para Descargar esta Gu\u00eda...[\/headline_arial_small_centered] Este documento complementa lo explicado en el video de youtube llamado: \u201cCurso de Oratoria \u2013 Pr\u00e1ctica 2 \u2013 C\u00f3mo Estructurar y Preparar una Presentaci\u00f3n.\u201d En esta gu\u00eda\u00a0encontrar\u00e1s un ejemplo\u2026","rel":"","context":"Entrada similar","block_context":{"text":"Entrada similar","link":""},"img":{"alt_text":"como hablar en publico - guia practica en pdf - como estructurar un discurso","src":"https:\/\/i0.wp.com\/tecnicashablarenpublico.com\/blog\/wp-content\/uploads\/2015\/01\/hep-portada-guia-estructura-compressor.png?resize=350%2C200&ssl=1","width":350,"height":200},"classes":[]}],"jetpack_sharing_enabled":true,"_links":{"self":[{"href":"https:\/\/tecnicashablarenpublico.com\/blog\/wp-json\/wp\/v2\/pages\/28","targetHints":{"allow":["GET"]}}],"collection":[{"href":"https:\/\/tecnicashablarenpublico.com\/blog\/wp-json\/wp\/v2\/pages"}],"about":[{"href":"https:\/\/tecnicashablarenpublico.com\/blog\/wp-json\/wp\/v2\/types\/page"}],"author":[{"embeddable":true,"href":"https:\/\/tecnicashablarenpublico.com\/blog\/wp-json\/wp\/v2\/users\/1"}],"replies":[{"embeddable":true,"href":"https:\/\/tecnicashablarenpublico.com\/blog\/wp-json\/wp\/v2\/comments?post=28"}],"version-history":[{"count":0,"href":"https:\/\/tecnicashablarenpublico.com\/blog\/wp-json\/wp\/v2\/pages\/28\/revisions"}],"wp:attachment":[{"href":"https:\/\/tecnicashablarenpublico.com\/blog\/wp-json\/wp\/v2\/media?parent=28"}],"curies":[{"name":"wp","href":"https:\/\/api.w.org\/{rel}","templated":true}]}}