{"id":1967,"date":"2020-09-03T12:06:06","date_gmt":"2020-09-03T18:06:06","guid":{"rendered":"https:\/\/tecnicashablarenpublico.com\/alumnos\/?page_id=1967"},"modified":"2024-09-07T14:12:27","modified_gmt":"2024-09-07T20:12:27","slug":"webinario-improvisando","status":"publish","type":"page","link":"https:\/\/tecnicashablarenpublico.com\/alumnos\/webinario-improvisando\/","title":{"rendered":"Pr\u00f3ximo Webinario Improvisando"},"content":{"rendered":"\n<p style=\"text-align: center;\">Te invitamos a participar en nuestro pr\u00f3ximo Webinario para alumnos&#8230;(aparta esta fecha en tu calendario)<\/p>\n<p><strong><span style=\"font-size: 22px;\">Fecha:<\/span><\/strong><span style=\"font-size: 22px;\">&nbsp;Primer domingo de cada mes<\/span><span style=\"font-size: 22px;\"><strong>Hora:<\/strong> De 10:00 am a 11:00 am<\/span><\/p>\n<p style=\"text-align: center;\">Empezamos en&#8230;<\/p>\n<p>     <span>00<\/span><span data-value=\"00\"><\/span><span data-value=\"00\"><span data-value=\"00\"><\/span><\/span>  Dias  <span style=\"\">:<\/span> &nbsp;   <span>00<\/span><span data-value=\"00\"><\/span><span data-value=\"00\"><span data-value=\"00\"><\/span><\/span>  horas  <span style=\"\">:<\/span> &nbsp;   <span>00<\/span><span data-value=\"00\"><\/span><span data-value=\"00\"><span data-value=\"00\"><\/span><\/span>  minutos  <span style=\"\">:<\/span> &nbsp;   <span>00<\/span><span data-value=\"00\"><\/span><span data-value=\"00\"><span data-value=\"00\"><\/span><\/span>  segundos       <\/p>\n<p style=\"text-align: center;\">\u00danete al webinario a la hora indicada (horario de M\u00e9xico)<\/p>\n<p>     __CONFIG_colors_palette__{\u00abactive_palette\u00bb:0,\u00bbconfig\u00bb:{\u00abcolors\u00bb:{\u00ab70929\u00bb:{\u00abname\u00bb:\u00bbMain Accent\u00bb,\u00bbparent\u00bb:-1}},\u00bbgradients\u00bb:[]},\u00bbpalettes\u00bb:[{\u00abname\u00bb:\u00bbDefault Palette\u00bb,\u00bbvalue\u00bb:{\u00abcolors\u00bb:{\u00ab70929\u00bb:{\u00abval\u00bb:\u00bbvar(&#8211;tcb-skin-color-0)\u00bb}},\u00bbgradients\u00bb:[]},\u00bboriginal\u00bb:{\u00abcolors\u00bb:{\u00ab70929\u00bb:{\u00abval\u00bb:\u00bbrgb(19, 114, 211)\u00bb,\u00bbhsl\u00bb:{\u00abh\u00bb:210,\u00bbs\u00bb:0.83,\u00bbl\u00bb:0.45}}},\u00bbgradients\u00bb:[]}}]}__CONFIG_colors_palette__ <a href=\"https:\/\/us02web.zoom.us\/j\/83873626262?pwd=UEdTdnpkeDF1dmVNMHk3V21WQ3FCZz09\" target=\"_blank\" rel=\"noopener\"><span>  <\/span> <span>Unirme al Webinario<\/span> <\/a> <\/p>\n<p style=\"text-align: center;\">La sala de Zoom se abre a las 9:45 am (horario de M\u00e9xico)<\/p>\n<h2>Agenda<\/h2>\n<ul>\n<li>09:45 &#8211; Preparaci\u00f3n de la sala y bienvenida a los participantes en Zoom.<\/li>\n<li><span>10:00 &#8211; Inicio de la reuni\u00f3n y presentaci\u00f3n de los presentes.<\/span><\/li>\n<li><span>10:10 &#8211; Inicia actividad \u00abImprovisando\u00bb por turnos \/ Menci\u00f3n de reconocimientos.<\/span><\/li>\n<li><span>10:50 &#8211; Comentarios finales de cada participante.<\/span><\/li>\n<li><span>11:00 &#8211; Fin de la sesi\u00f3n.<\/span><\/li>\n<\/ul>\n<h2>Datos de la sala<\/h2>\n<p>Esta sesi\u00f3n de pr\u00e1ctica se llevar\u00e1 a cabo por Zoom. A continuaci\u00f3n encontrar\u00e1s los datos para conectarte a la video-llamada:<\/p>\n<p>Unirse a la reuni\u00f3n Zoom<a href=\"https:\/\/us02web.zoom.us\/j\/88129393774?pwd=Q1RmelhTWGxmck96YWVaa3QycDluQT09\" target=\"_blank\" style=\"outline: none;\" rel=\"noopener\">https:\/\/us02web.zoom.us\/j\/88129393774?pwd=Q1RmelhTWGxmck96YWVaa3QycDluQT09<\/a>ID de reuni\u00f3n: <strong>881 2939 3774<\/strong>C\u00f3digo de acceso: <strong><strong>9931<\/strong><\/strong><\/p>\n<h2>Zona Horaria Actual&#8230;<\/h2>\n<p>La fecha y hora actual en la Ciudad de M\u00e9xico es la siguiente:<\/p>\n<p style=\"text-align: center;\"><em>(Horario actual de la Ciudad de M\u00e9xico)<\/em><\/p>\n<p style=\"\">Preguntas frecuentes&#8230;<\/p>\n<p>        \u00bfQu\u00e9 es Zoom?  <\/p>\n<p><a href=\"https:\/\/zoom.us\/\" target=\"_blank\" style=\"outline: none;\" rel=\"noopener\"><span style=\"text-decoration: underline;\">Zoom<\/span><\/a> es una aplicaci\u00f3n de videoconferencia que sirve para hacer video-llamadas grupales.<\/p>\n<\/p>\n<p>La utilizamos para interactuar online con los miembros de esta comunidad de alumnos. En cada uno de los Webinarios \u00abImprovisando\u00bb, cada participante tiene la oportunidad de abrir su micr\u00f3fono y tomar la palabra.<\/p>\n<p><span><img decoding=\"async\" alt=\"\" data-id=\"1998\" width=\"168\" data-init-width=\"168\" height=\"202\" data-init-height=\"202\" title=\"zoom-logo\" src=\"https:\/\/tecnicashablarenpublico.com\/alumnos\/wp-content\/uploads\/2020\/09\/zoom-logo.png\" data-width=\"168\" data-height=\"202\" style=\"aspect-ratio: auto 168 \/ 202;\" loading=\"lazy\"><\/span>        \u00bfComo instalar y usar Zoom?   <\/p>\n<p>La aplicaci\u00f3n de escritorio de Zoom est\u00e1 disponible para Windows y macOS, mientras que la aplicaci\u00f3n m\u00f3vil est\u00e1 disponible para iOS y Android.<\/p>\n<p style=\"text-align: center;\"><a href=\"https:\/\/zoom.us\/download\" target=\"_blank\" style=\"outline: none;\" rel=\"noopener\"><span style=\"text-decoration: underline;\">Presiona aqu\u00ed para instalar Zoom<\/span><\/a><\/p>\n<p style=\"text-align: left;\">\n<p style=\"text-align: left;\">Puedes unirte a la reuni\u00f3n desde tu computadora, tableta o dispositivo m\u00f3vil sin necesidad de iniciar sesi\u00f3n. Una vez dentro tienes la opci\u00f3n de compartir pantalla, silenciar o activar tu micr\u00f3fono, habilitar o des-habilitar tu c\u00e1mara web, cambiar tu nombre de usuario y chatear en la reuni\u00f3n.<\/p>\n<p>        \u00bfQu\u00e9 necesito para participar en el Webinario?   <\/p>\n<p>Para participar tienes que tener instalada de antemano la aplicaci\u00f3n de Zoom en tu dispositivo o computadora, y tener una conexi\u00f3n a Internet.<\/p>\n<\/p>\n<p>Despu\u00e9s, s\u00f3lo tienes que hacer click en el <a href=\"#\"><span style=\"text-decoration: underline;\">enlace de arriba<\/span><\/a>, el d\u00eda y hora indicado para unirte a la sesi\u00f3n en vivo con nosotros.<\/p>\n<h4 style=\"text-align: center;\"><a href=\"https:\/\/tecnicashablarenpublico.com\/alumnos\/comunidad\/grabaciones-webinario-improvisando\/\" style=\"outline: none;\" target=\"_blank\" rel=\"noopener\">Presiona aqu\u00ed para ver grabaciones de Webinario anteriores..<\/a><\/h4>\n","protected":false},"excerpt":{"rendered":"<p>Te invitamos a participar en nuestro pr\u00f3ximo Webinario para alumnos&#8230;(aparta esta fecha en tu calendario) Fecha:&nbsp;Primer domingo de cada mesHora: De 10:00 am a 11:00 am Empezamos en&#8230; 00 Dias : &nbsp; 00 horas : &nbsp; 00 minutos : &nbsp; 00 segundos \u00danete al webinario a la hora indicada (horario de M\u00e9xico) __CONFIG_colors_palette__{\u00abactive_palette\u00bb:0,\u00bbconfig\u00bb:{\u00abcolors\u00bb:{\u00ab70929\u00bb:{\u00abname\u00bb:\u00bbMain Accent\u00bb,\u00bbparent\u00bb:-1}},\u00bbgradients\u00bb:[]},\u00bbpalettes\u00bb:[{\u00abname\u00bb:\u00bbDefault Palette\u00bb,\u00bbvalue\u00bb:{\u00abcolors\u00bb:{\u00ab70929\u00bb:{\u00abval\u00bb:\u00bbvar(&#8211;tcb-skin-color-0)\u00bb}},\u00bbgradients\u00bb:[]},\u00bboriginal\u00bb:{\u00abcolors\u00bb:{\u00ab70929\u00bb:{\u00abval\u00bb:\u00bbrgb(19, [&hellip;]<\/p>\n","protected":false},"author":1,"featured_media":0,"parent":0,"menu_order":0,"comment_status":"closed","ping_status":"closed","template":"","meta":{"footnotes":""},"tags":[],"class_list":["post-1967","page","type-page","status-publish","hentry","post-wrapper","thrv_wrapper"],"_links":{"self":[{"href":"https:\/\/tecnicashablarenpublico.com\/alumnos\/wp-json\/wp\/v2\/pages\/1967","targetHints":{"allow":["GET"]}}],"collection":[{"href":"https:\/\/tecnicashablarenpublico.com\/alumnos\/wp-json\/wp\/v2\/pages"}],"about":[{"href":"https:\/\/tecnicashablarenpublico.com\/alumnos\/wp-json\/wp\/v2\/types\/page"}],"author":[{"embeddable":true,"href":"https:\/\/tecnicashablarenpublico.com\/alumnos\/wp-json\/wp\/v2\/users\/1"}],"replies":[{"embeddable":true,"href":"https:\/\/tecnicashablarenpublico.com\/alumnos\/wp-json\/wp\/v2\/comments?post=1967"}],"version-history":[{"count":81,"href":"https:\/\/tecnicashablarenpublico.com\/alumnos\/wp-json\/wp\/v2\/pages\/1967\/revisions"}],"predecessor-version":[{"id":4829,"href":"https:\/\/tecnicashablarenpublico.com\/alumnos\/wp-json\/wp\/v2\/pages\/1967\/revisions\/4829"}],"wp:attachment":[{"href":"https:\/\/tecnicashablarenpublico.com\/alumnos\/wp-json\/wp\/v2\/media?parent=1967"}],"wp:term":[{"taxonomy":"post_tag","embeddable":true,"href":"https:\/\/tecnicashablarenpublico.com\/alumnos\/wp-json\/wp\/v2\/tags?post=1967"}],"curies":[{"name":"wp","href":"https:\/\/api.w.org\/{rel}","templated":true}]}}